{"id":1184,"date":"2023-03-20T10:14:49","date_gmt":"2023-03-20T10:14:49","guid":{"rendered":"https:\/\/siteunidos.eu\/scuolacampodipietra\/?page_id=1184"},"modified":"2024-02-07T08:33:27","modified_gmt":"2024-02-07T08:33:27","slug":"programma-operativo-nazionale-pon","status":"publish","type":"page","link":"https:\/\/www.scuolacampodipietra.edu.it\/site\/programma-operativo-nazionale-pon\/","title":{"rendered":"Programma Operativo Nazionale (PON)"},"content":{"rendered":"\t\t<div data-elementor-type=\"wp-page\" data-elementor-id=\"1184\" class=\"elementor elementor-1184\" data-elementor-post-type=\"page\">\n\t\t\t\t\t\t<section class=\"has_eae_slider elementor-section elementor-top-section elementor-element elementor-element-2d84866 elementor-section-boxed elementor-section-height-default elementor-section-height-default\" data-eae-slider=\"14899\" data-id=\"2d84866\" data-element_type=\"section\" data-e-type=\"section\">\n\t\t\t\t\t\t<div class=\"elementor-container elementor-column-gap-default\">\n\t\t\t\t\t<div class=\"has_eae_slider elementor-column elementor-col-33 elementor-top-column elementor-element elementor-element-3d17864\" data-eae-slider=\"21836\" data-id=\"3d17864\" data-element_type=\"column\" data-e-type=\"column\">\n\t\t\t<div class=\"elementor-widget-wrap elementor-element-populated\">\n\t\t\t\t\t\t<section class=\"has_eae_slider elementor-section elementor-inner-section elementor-element elementor-element-86a938b elementor-section-full_width elementor-section-height-default elementor-section-height-default\" data-eae-slider=\"63857\" data-id=\"86a938b\" data-element_type=\"section\" data-e-type=\"section\">\n\t\t\t\t\t\t<div class=\"elementor-container elementor-column-gap-default\">\n\t\t\t\t\t<div class=\"has_eae_slider elementor-column elementor-col-100 elementor-inner-column elementor-element elementor-element-2215bd7\" data-eae-slider=\"94909\" data-id=\"2215bd7\" data-element_type=\"column\" data-e-type=\"column\" data-settings=\"{&quot;background_background&quot;:&quot;classic&quot;}\">\n\t\t\t<div class=\"elementor-widget-wrap elementor-element-populated\">\n\t\t\t\t\t\t<div class=\"elementor-element elementor-element-ff7f55e elementor-widget elementor-widget-heading\" data-id=\"ff7f55e\" data-element_type=\"widget\" data-e-type=\"widget\" data-widget_type=\"heading.default\">\n\t\t\t\t<div class=\"elementor-widget-container\">\n\t\t\t\t\t<h2 class=\"elementor-heading-title elementor-size-default\">Progetti PON<\/h2>\t\t\t\t<\/div>\n\t\t\t\t<\/div>\n\t\t\t\t\t<\/div>\n\t\t<\/div>\n\t\t\t\t\t<\/div>\n\t\t<\/section>\n\t\t\t\t<section class=\"has_eae_slider elementor-section elementor-inner-section elementor-element elementor-element-21b490f elementor-section-full_width elementor-section-height-default elementor-section-height-default\" data-eae-slider=\"76720\" data-id=\"21b490f\" data-element_type=\"section\" data-e-type=\"section\">\n\t\t\t\t\t\t<div class=\"elementor-container elementor-column-gap-default\">\n\t\t\t\t\t<div class=\"has_eae_slider elementor-column elementor-col-100 elementor-inner-column elementor-element elementor-element-291c4e1\" data-eae-slider=\"34360\" data-id=\"291c4e1\" data-element_type=\"column\" data-e-type=\"column\" data-settings=\"{&quot;background_background&quot;:&quot;classic&quot;}\">\n\t\t\t<div class=\"elementor-widget-wrap elementor-element-populated\">\n\t\t\t\t\t\t<div class=\"elementor-element elementor-element-84cf8e6 elementor-widget elementor-widget-heading\" data-id=\"84cf8e6\" data-element_type=\"widget\" data-e-type=\"widget\" data-widget_type=\"heading.default\">\n\t\t\t\t<div class=\"elementor-widget-container\">\n\t\t\t\t\t<h2 class=\"elementor-heading-title elementor-size-default\"><a href=\"https:\/\/www.scuolacampodipietra.edu.it\/site\/programma-operativo-nazionale-pon\/cablaggio-strutturato-e-sicuro-allinterno-degli-edifici-scolastici\/\">Cablaggio strutturato e sicuro all'interno degli edifici scolastici<\/a><\/h2>\t\t\t\t<\/div>\n\t\t\t\t<\/div>\n\t\t\t\t\t<\/div>\n\t\t<\/div>\n\t\t\t\t\t<\/div>\n\t\t<\/section>\n\t\t\t\t<section class=\"has_eae_slider elementor-section elementor-inner-section elementor-element elementor-element-4ae9433 elementor-section-full_width elementor-section-height-default elementor-section-height-default\" data-eae-slider=\"8359\" data-id=\"4ae9433\" data-element_type=\"section\" data-e-type=\"section\">\n\t\t\t\t\t\t<div class=\"elementor-container elementor-column-gap-default\">\n\t\t\t\t\t<div class=\"has_eae_slider elementor-column elementor-col-100 elementor-inner-column elementor-element elementor-element-f619da3\" data-eae-slider=\"89015\" data-id=\"f619da3\" data-element_type=\"column\" data-e-type=\"column\" data-settings=\"{&quot;background_background&quot;:&quot;classic&quot;}\">\n\t\t\t<div class=\"elementor-widget-wrap elementor-element-populated\">\n\t\t\t\t\t\t<div class=\"elementor-element elementor-element-0529109 elementor-widget elementor-widget-heading\" data-id=\"0529109\" data-element_type=\"widget\" data-e-type=\"widget\" data-widget_type=\"heading.default\">\n\t\t\t\t<div class=\"elementor-widget-container\">\n\t\t\t\t\t<h2 class=\"elementor-heading-title elementor-size-default\"><a href=\"https:\/\/www.scuolacampodipietra.edu.it\/site\/programma-operativo-nazionale-pon\/ambienti-didattici-innovativi-per-la-scuola-dellinfanzia\/\">Ambienti didattici innovativi per la scuola dell'infanzia<\/a><\/h2>\t\t\t\t<\/div>\n\t\t\t\t<\/div>\n\t\t\t\t\t<\/div>\n\t\t<\/div>\n\t\t\t\t\t<\/div>\n\t\t<\/section>\n\t\t\t\t<section class=\"has_eae_slider elementor-section elementor-inner-section elementor-element elementor-element-eb76da4 elementor-section-full_width elementor-section-height-default elementor-section-height-default\" data-eae-slider=\"4026\" data-id=\"eb76da4\" data-element_type=\"section\" data-e-type=\"section\">\n\t\t\t\t\t\t<div class=\"elementor-container elementor-column-gap-default\">\n\t\t\t\t\t<div class=\"has_eae_slider elementor-column elementor-col-100 elementor-inner-column elementor-element elementor-element-1e634c8\" data-eae-slider=\"50656\" data-id=\"1e634c8\" data-element_type=\"column\" data-e-type=\"column\" data-settings=\"{&quot;background_background&quot;:&quot;classic&quot;}\">\n\t\t\t<div class=\"elementor-widget-wrap elementor-element-populated\">\n\t\t\t\t\t\t<div class=\"elementor-element elementor-element-4d5a26a elementor-widget elementor-widget-heading\" data-id=\"4d5a26a\" data-element_type=\"widget\" data-e-type=\"widget\" data-widget_type=\"heading.default\">\n\t\t\t\t<div class=\"elementor-widget-container\">\n\t\t\t\t\t<h2 class=\"elementor-heading-title elementor-size-default\"><a href=\"https:\/\/www.scuolacampodipietra.edu.it\/site\/programma-operativo-nazionale-pon\/ambienti-digitali-per-la-didattica-integrata-con-gli-arredi-scolastici\/\" target=\"_blank\">Ambienti digitali per la didattica integrata con gli arredi scolastici<\/a><\/h2>\t\t\t\t<\/div>\n\t\t\t\t<\/div>\n\t\t\t\t\t<\/div>\n\t\t<\/div>\n\t\t\t\t\t<\/div>\n\t\t<\/section>\n\t\t\t\t<section class=\"has_eae_slider elementor-section elementor-inner-section elementor-element elementor-element-69a56bb elementor-section-full_width elementor-section-height-default elementor-section-height-default\" data-eae-slider=\"27751\" data-id=\"69a56bb\" data-element_type=\"section\" data-e-type=\"section\">\n\t\t\t\t\t\t<div class=\"elementor-container elementor-column-gap-default\">\n\t\t\t\t\t<div class=\"has_eae_slider elementor-column elementor-col-100 elementor-inner-column elementor-element elementor-element-a3a43a1\" data-eae-slider=\"20440\" data-id=\"a3a43a1\" data-element_type=\"column\" data-e-type=\"column\" data-settings=\"{&quot;background_background&quot;:&quot;classic&quot;}\">\n\t\t\t<div class=\"elementor-widget-wrap elementor-element-populated\">\n\t\t\t\t\t\t<div class=\"elementor-element elementor-element-5a3f642 elementor-widget elementor-widget-heading\" data-id=\"5a3f642\" data-element_type=\"widget\" data-e-type=\"widget\" data-widget_type=\"heading.default\">\n\t\t\t\t<div class=\"elementor-widget-container\">\n\t\t\t\t\t<h2 class=\"elementor-heading-title elementor-size-default\"><a href=\"https:\/\/www.scuolacampodipietra.edu.it\/site\/programma-operativo-nazionale-pon\/edugreen-laboratori-di-sostenibilita-per-i-primo-ciclo\/\">EDUGREEN: Laboratori di sostenibilit\u00e0 per i primo ciclo<\/a><\/h2>\t\t\t\t<\/div>\n\t\t\t\t<\/div>\n\t\t\t\t\t<\/div>\n\t\t<\/div>\n\t\t\t\t\t<\/div>\n\t\t<\/section>\n\t\t\t\t<section class=\"has_eae_slider elementor-section elementor-inner-section elementor-element elementor-element-9ab0081 elementor-section-full_width elementor-section-height-default elementor-section-height-default\" data-eae-slider=\"43738\" data-id=\"9ab0081\" data-element_type=\"section\" data-e-type=\"section\">\n\t\t\t\t\t\t<div class=\"elementor-container elementor-column-gap-default\">\n\t\t\t\t\t<div class=\"has_eae_slider elementor-column elementor-col-100 elementor-inner-column elementor-element elementor-element-2d22f91\" data-eae-slider=\"43252\" data-id=\"2d22f91\" data-element_type=\"column\" data-e-type=\"column\" data-settings=\"{&quot;background_background&quot;:&quot;classic&quot;}\">\n\t\t\t<div class=\"elementor-widget-wrap elementor-element-populated\">\n\t\t\t\t\t\t<div class=\"elementor-element elementor-element-a3d8afd elementor-widget elementor-widget-heading\" data-id=\"a3d8afd\" data-element_type=\"widget\" data-e-type=\"widget\" data-widget_type=\"heading.default\">\n\t\t\t\t<div class=\"elementor-widget-container\">\n\t\t\t\t\t<h2 class=\"elementor-heading-title elementor-size-default\"><a href=\"https:\/\/www.scuolacampodipietra.edu.it\/site\/programma-operativo-nazionale-pon\/fesr-realizzazione-di-smart-class-per-la-scuola-del-primo-ciclo-piano\/\">FESR - Realizzazione di smart class per la scuola del primo ciclo Piano<\/a><\/h2>\t\t\t\t<\/div>\n\t\t\t\t<\/div>\n\t\t\t\t\t<\/div>\n\t\t<\/div>\n\t\t\t\t\t<\/div>\n\t\t<\/section>\n\t\t\t\t<section class=\"has_eae_slider elementor-section elementor-inner-section elementor-element elementor-element-7788458 elementor-section-full_width elementor-section-height-default elementor-section-height-default\" data-eae-slider=\"31131\" data-id=\"7788458\" data-element_type=\"section\" data-e-type=\"section\">\n\t\t\t\t\t\t<div class=\"elementor-container elementor-column-gap-default\">\n\t\t\t\t\t<div class=\"has_eae_slider elementor-column elementor-col-100 elementor-inner-column elementor-element elementor-element-1f355f0\" data-eae-slider=\"20706\" data-id=\"1f355f0\" data-element_type=\"column\" data-e-type=\"column\" data-settings=\"{&quot;background_background&quot;:&quot;classic&quot;}\">\n\t\t\t<div class=\"elementor-widget-wrap elementor-element-populated\">\n\t\t\t\t\t\t<div class=\"elementor-element elementor-element-641c3b5 elementor-widget elementor-widget-heading\" data-id=\"641c3b5\" data-element_type=\"widget\" data-e-type=\"widget\" data-widget_type=\"heading.default\">\n\t\t\t\t<div class=\"elementor-widget-container\">\n\t\t\t\t\t<h2 class=\"elementor-heading-title elementor-size-default\"><a href=\"https:\/\/www.scuolacampodipietra.edu.it\/site\/programma-operativo-nazionale-pon\/istruzione-obiettivi-specifici\/\">Istruzione Obiettivi Specifici <\/a><\/h2>\t\t\t\t<\/div>\n\t\t\t\t<\/div>\n\t\t\t\t\t<\/div>\n\t\t<\/div>\n\t\t\t\t\t<\/div>\n\t\t<\/section>\n\t\t\t\t<section class=\"has_eae_slider elementor-section elementor-inner-section elementor-element elementor-element-9afb4c7 elementor-section-full_width elementor-section-height-default elementor-section-height-default\" data-eae-slider=\"92383\" data-id=\"9afb4c7\" data-element_type=\"section\" data-e-type=\"section\">\n\t\t\t\t\t\t<div class=\"elementor-container elementor-column-gap-default\">\n\t\t\t\t\t<div class=\"has_eae_slider elementor-column elementor-col-100 elementor-inner-column elementor-element elementor-element-45eeff7\" data-eae-slider=\"30792\" data-id=\"45eeff7\" data-element_type=\"column\" data-e-type=\"column\" data-settings=\"{&quot;background_background&quot;:&quot;classic&quot;}\">\n\t\t\t<div class=\"elementor-widget-wrap elementor-element-populated\">\n\t\t\t\t\t\t<div class=\"elementor-element elementor-element-6548ca0 elementor-widget elementor-widget-heading\" data-id=\"6548ca0\" data-element_type=\"widget\" data-e-type=\"widget\" data-widget_type=\"heading.default\">\n\t\t\t\t<div class=\"elementor-widget-container\">\n\t\t\t\t\t<h2 class=\"elementor-heading-title elementor-size-default\"><a href=\"https:\/\/www.scuolacampodipietra.edu.it\/site\/programma-operativo-nazionale-pon\/fsepon-mo-campodipietrauxilio\/\">FSEPON MO \"CAMPODIPIETRA@UXILIO\"<\/a><\/h2>\t\t\t\t<\/div>\n\t\t\t\t<\/div>\n\t\t\t\t\t<\/div>\n\t\t<\/div>\n\t\t\t\t\t<\/div>\n\t\t<\/section>\n\t\t\t\t<section class=\"has_eae_slider elementor-section elementor-inner-section elementor-element elementor-element-cb821b5 elementor-section-full_width elementor-section-height-default elementor-section-height-default\" data-eae-slider=\"89906\" data-id=\"cb821b5\" data-element_type=\"section\" data-e-type=\"section\">\n\t\t\t\t\t\t<div class=\"elementor-container elementor-column-gap-default\">\n\t\t\t\t\t<div class=\"has_eae_slider elementor-column elementor-col-100 elementor-inner-column elementor-element elementor-element-4bcdb63\" data-eae-slider=\"27300\" data-id=\"4bcdb63\" data-element_type=\"column\" data-e-type=\"column\" data-settings=\"{&quot;background_background&quot;:&quot;classic&quot;}\">\n\t\t\t<div class=\"elementor-widget-wrap elementor-element-populated\">\n\t\t\t\t\t\t<div class=\"elementor-element elementor-element-6701fb3 elementor-widget elementor-widget-heading\" data-id=\"6701fb3\" data-element_type=\"widget\" data-e-type=\"widget\" data-widget_type=\"heading.default\">\n\t\t\t\t<div class=\"elementor-widget-container\">\n\t\t\t\t\t<h2 class=\"elementor-heading-title elementor-size-default\"><a href=\"https:\/\/www.scuolacampodipietra.edu.it\/site\/programma-operativo-nazionale-pon\/pon-fse-star-bene-insieme\/\">PON FSE \"Star bene insieme\"<\/a><\/h2>\t\t\t\t<\/div>\n\t\t\t\t<\/div>\n\t\t\t\t\t<\/div>\n\t\t<\/div>\n\t\t\t\t\t<\/div>\n\t\t<\/section>\n\t\t\t\t<section class=\"has_eae_slider elementor-section elementor-inner-section elementor-element elementor-element-c514816 elementor-section-full_width elementor-section-height-default elementor-section-height-default\" data-eae-slider=\"57180\" data-id=\"c514816\" data-element_type=\"section\" data-e-type=\"section\">\n\t\t\t\t\t\t<div class=\"elementor-container elementor-column-gap-default\">\n\t\t\t\t\t<div class=\"has_eae_slider elementor-column elementor-col-100 elementor-inner-column elementor-element elementor-element-e100745\" data-eae-slider=\"32681\" data-id=\"e100745\" data-element_type=\"column\" data-e-type=\"column\" data-settings=\"{&quot;background_background&quot;:&quot;classic&quot;}\">\n\t\t\t<div class=\"elementor-widget-wrap elementor-element-populated\">\n\t\t\t\t\t\t<div class=\"elementor-element elementor-element-eaa0fcd elementor-widget elementor-widget-heading\" data-id=\"eaa0fcd\" data-element_type=\"widget\" data-e-type=\"widget\" data-widget_type=\"heading.default\">\n\t\t\t\t<div class=\"elementor-widget-container\">\n\t\t\t\t\t<h2 class=\"elementor-heading-title elementor-size-default\"><a href=\"https:\/\/www.scuolacampodipietra.edu.it\/site\/programma-operativo-nazionale-pon\/progetto-scuolalab-ampliamento-dellofferta-scolastica-formativa\/\">Progetto ScuolaLab - \"Ampliamento dell'offerta scolastica\/formativa\"<\/a><\/h2>\t\t\t\t<\/div>\n\t\t\t\t<\/div>\n\t\t\t\t\t<\/div>\n\t\t<\/div>\n\t\t\t\t\t<\/div>\n\t\t<\/section>\n\t\t\t\t<section class=\"has_eae_slider elementor-section elementor-inner-section elementor-element elementor-element-178847a elementor-section-full_width elementor-section-height-default elementor-section-height-default\" data-eae-slider=\"43370\" data-id=\"178847a\" data-element_type=\"section\" data-e-type=\"section\">\n\t\t\t\t\t\t<div class=\"elementor-container elementor-column-gap-default\">\n\t\t\t\t\t<div class=\"has_eae_slider elementor-column elementor-col-100 elementor-inner-column elementor-element elementor-element-8a0c7d9\" data-eae-slider=\"39560\" data-id=\"8a0c7d9\" data-element_type=\"column\" data-e-type=\"column\" data-settings=\"{&quot;background_background&quot;:&quot;classic&quot;}\">\n\t\t\t<div class=\"elementor-widget-wrap elementor-element-populated\">\n\t\t\t\t\t\t<div class=\"elementor-element elementor-element-81616ff elementor-widget elementor-widget-heading\" data-id=\"81616ff\" data-element_type=\"widget\" data-e-type=\"widget\" data-widget_type=\"heading.default\">\n\t\t\t\t<div class=\"elementor-widget-container\">\n\t\t\t\t\t<h2 class=\"elementor-heading-title elementor-size-default\"><a href=\"https:\/\/www.scuolacampodipietra.edu.it\/site\/programma-operativo-nazionale-pon\/digital-board-trasformazione-digitale-nella-didattica-e-nellorganizzazione\/\">Digital Board \"Trasformazione digitale nella didattica e nell'organizzazione\"<\/a><\/h2>\t\t\t\t<\/div>\n\t\t\t\t<\/div>\n\t\t\t\t\t<\/div>\n\t\t<\/div>\n\t\t\t\t\t<\/div>\n\t\t<\/section>\n\t\t\t\t<section class=\"has_eae_slider elementor-section elementor-inner-section elementor-element elementor-element-37d5fab elementor-section-full_width elementor-section-height-default elementor-section-height-default\" data-eae-slider=\"9956\" data-id=\"37d5fab\" data-element_type=\"section\" data-e-type=\"section\">\n\t\t\t\t\t\t<div class=\"elementor-container elementor-column-gap-default\">\n\t\t\t\t\t<div class=\"has_eae_slider elementor-column elementor-col-100 elementor-inner-column elementor-element elementor-element-adb4885\" data-eae-slider=\"81476\" data-id=\"adb4885\" data-element_type=\"column\" data-e-type=\"column\" data-settings=\"{&quot;background_background&quot;:&quot;classic&quot;}\">\n\t\t\t<div class=\"elementor-widget-wrap elementor-element-populated\">\n\t\t\t\t\t\t<div class=\"elementor-element elementor-element-b63c7e5 elementor-widget elementor-widget-heading\" data-id=\"b63c7e5\" data-element_type=\"widget\" data-e-type=\"widget\" data-widget_type=\"heading.default\">\n\t\t\t\t<div class=\"elementor-widget-container\">\n\t\t\t\t\t<h2 class=\"elementor-heading-title elementor-size-default\"><a href=\"https:\/\/www.scuolacampodipietra.edu.it\/site\/programma-operativo-nazionale-pon\/agenda-calcutta\/\">Agenda Calcutta<\/a><\/h2>\t\t\t\t<\/div>\n\t\t\t\t<\/div>\n\t\t\t\t\t<\/div>\n\t\t<\/div>\n\t\t\t\t\t<\/div>\n\t\t<\/section>\n\t\t\t\t\t<\/div>\n\t\t<\/div>\n\t\t\t\t<div class=\"has_eae_slider elementor-column elementor-col-66 elementor-top-column elementor-element elementor-element-e40a05c\" data-eae-slider=\"85758\" data-id=\"e40a05c\" data-element_type=\"column\" data-e-type=\"column\">\n\t\t\t<div class=\"elementor-widget-wrap elementor-element-populated\">\n\t\t\t\t\t\t<div class=\"elementor-element elementor-element-1213567 elementor-widget elementor-widget-text-editor\" data-id=\"1213567\" data-element_type=\"widget\" data-e-type=\"widget\" data-widget_type=\"text-editor.default\">\n\t\t\t\t<div class=\"elementor-widget-container\">\n\t\t\t\t\t\t\t\t\t<p>Il\u00a0<strong>Programma Operativo Nazionale<\/strong>\u00a0(PON) del Miur, intitolato \u201c<em>Per la Scuola \u2013 competenze e ambienti per l\u2019apprendimento<\/em>\u201d \u00e8 un\u00a0<strong>piano di interventi<\/strong>\u00a0che punta a creare un sistema d\u2019istruzione e di formazione di elevata qualit\u00e0.<br \/>\u00c8 finanziato dai Fondi Strutturali Europei e ha una\u00a0<strong>durata settennale<\/strong>, dal 2014 al 2020.<\/p><p>Punta a creare un sistema d\u2019istruzione e di formazione di elevata qualit\u00e0, efficace ed equo offrendo alle scuole l\u2019opportunit\u00e0 di accedere a risorse comunitarie aggiuntive rispetto a quelle gi\u00e0 stabilite dalla \u201cBuona Scuola\u201d.<\/p><p>Per la Programmazione 2014-2020 \u00e8 disponibile, infatti, un budget complessivo di poco pi\u00f9 di 3 miliardi di Euro cos\u00ec diviso:<\/p><ul><li><strong>2,2 miliardi<\/strong>\u00a0circa stanziati dal Fondo Sociale Europeo (<strong>FSE<\/strong>) per la formazione di alunni, docenti e adulti;<\/li><li><strong>800 milioni<\/strong>\u00a0dal Fondo Europeo di Sviluppo Regionale (<strong>FESR<\/strong>) per laboratori, attrezzature digitali per la Scuola e per interventi di edilizia.<\/li><\/ul><p>Il PON \u201cPer la scuola\u201d \u00e8 rivolto alle scuole dell\u2019infanzia e alle scuole del I e del II ciclo di istruzione di tutto il territorio nazionale.<\/p><p>\u00c8 articolato in 4 assi ciascuno con i propri obiettivi specifici:<\/p><ul><li><strong>\u201cL\u2019Asse 1 \u2013 Istruzione\u201d<\/strong>\u00a0punta a investire nelle competenze, nell\u2019istruzione e nell\u2019apprendimento permanente.<\/li><li><strong>\u201cL\u2019Asse 2 \u2013 Infrastrutture per l\u2019istruzione\u201d<\/strong>\u00a0mira a potenziare le infrastrutture scolastiche e le dotazioni tecnologiche.<\/li><li><strong>\u201cL\u2019Asse 3 \u2013 Capacit\u00e0 istituzionale e amministrativa\u201d<\/strong>\u00a0riguarda il rafforzamento della capacit\u00e0 istituzionale e la promozione di un\u2019Amministrazione Pubblica efficiente (E-Government, Open data e Trasparenza, Sistema Nazionale di Valutazione, Formazione Dirigenti e Funzionari).<\/li><li><strong>\u201cL\u2019Asse 4 \u2013 Assistenza tecnica\u201d<\/strong> \u00e8 finalizzato a migliorare l\u2019attuazione del Programma attraverso il rafforzamento della capacit\u00e0 di gestione dei Fondi (Servizi di supporto all\u2019attuazione, Valutazione del programma, Disseminazione, Pubblicit\u00e0 e informazione).<\/li><\/ul><p>\u00a0<\/p><p><a style=\"color: #359595;\" href=\"https:\/\/www.istruzione.it\/pon\/ilpon.html#sec_cos\" target=\"_blank\" rel=\"noopener\">VAI ALLA SEZIONE MINISTERIALE<\/a><\/p><p><iframe title=\"YouTube video player\" src=\"https:\/\/www.youtube.com\/embed\/3yxnsu7-s2w\" width=\"560\" height=\"315\" frameborder=\"0\" allowfullscreen=\"allowfullscreen\"><\/iframe><\/p>\t\t\t\t\t\t\t\t<\/div>\n\t\t\t\t<\/div>\n\t\t\t\t\t<\/div>\n\t\t<\/div>\n\t\t\t\t\t<\/div>\n\t\t<\/section>\n\t\t\t\t<\/div>\n\t\t","protected":false},"excerpt":{"rendered":"<p>Progetti PON Cablaggio strutturato e sicuro all&#8217;interno degli edifici scolastici Ambienti didattici innovativi per la scuola dell&#8217;infanzia Ambienti digitali per la didattica integrata con gli arredi scolastici EDUGREEN: Laboratori di sostenibilit\u00e0 per i primo ciclo FESR &#8211; Realizzazione di smart class per la scuola del primo ciclo Piano Istruzione Obiettivi Specifici FSEPON MO &#8220;CAMPODIPIETRA@UXILIO&#8221; PON [&hellip;]<\/p>\n","protected":false},"author":1,"featured_media":0,"parent":0,"menu_order":0,"comment_status":"closed","ping_status":"closed","template":"","meta":{"footnotes":""},"class_list":["post-1184","page","type-page","status-publish","hentry"],"yoast_head":"<!-- This site is optimized with the Yoast SEO plugin v27.5 - https:\/\/yoast.com\/product\/yoast-seo-wordpress\/ -->\n<title>Programma Operativo Nazionale (PON) - I.C. Campodipietra<\/title>\n<meta name=\"robots\" content=\"index, follow, max-snippet:-1, max-image-preview:large, max-video-preview:-1\" \/>\n<link rel=\"canonical\" href=\"https:\/\/www.scuolacampodipietra.edu.it\/site\/programma-operativo-nazionale-pon\/\" \/>\n<meta property=\"og:locale\" content=\"it_IT\" \/>\n<meta property=\"og:type\" content=\"article\" \/>\n<meta property=\"og:title\" content=\"Programma Operativo Nazionale (PON) - I.C. Campodipietra\" \/>\n<meta property=\"og:description\" content=\"Progetti PON Cablaggio strutturato e sicuro all&#8217;interno degli edifici scolastici Ambienti didattici innovativi per la scuola dell&#8217;infanzia Ambienti digitali per la didattica integrata con gli arredi scolastici EDUGREEN: Laboratori di sostenibilit\u00e0 per i primo ciclo FESR &#8211; Realizzazione di smart class per la scuola del primo ciclo Piano Istruzione Obiettivi Specifici FSEPON MO &#8220;CAMPODIPIETRA@UXILIO&#8221; PON [&hellip;]\" \/>\n<meta property=\"og:url\" content=\"https:\/\/www.scuolacampodipietra.edu.it\/site\/programma-operativo-nazionale-pon\/\" \/>\n<meta property=\"og:site_name\" content=\"I.C. Campodipietra\" \/>\n<meta property=\"article:modified_time\" content=\"2024-02-07T08:33:27+00:00\" \/>\n<meta name=\"twitter:card\" content=\"summary_large_image\" \/>\n<meta name=\"twitter:label1\" content=\"Tempo di lettura stimato\" \/>\n\t<meta name=\"twitter:data1\" content=\"2 minuti\" \/>\n<script type=\"application\/ld+json\" class=\"yoast-schema-graph\">{\"@context\":\"https:\\\/\\\/schema.org\",\"@graph\":[{\"@type\":\"WebPage\",\"@id\":\"https:\\\/\\\/www.scuolacampodipietra.edu.it\\\/site\\\/programma-operativo-nazionale-pon\\\/\",\"url\":\"https:\\\/\\\/www.scuolacampodipietra.edu.it\\\/site\\\/programma-operativo-nazionale-pon\\\/\",\"name\":\"Programma Operativo Nazionale (PON) - I.C. Campodipietra\",\"isPartOf\":{\"@id\":\"https:\\\/\\\/www.scuolacampodipietra.edu.it\\\/site\\\/#website\"},\"datePublished\":\"2023-03-20T10:14:49+00:00\",\"dateModified\":\"2024-02-07T08:33:27+00:00\",\"breadcrumb\":{\"@id\":\"https:\\\/\\\/www.scuolacampodipietra.edu.it\\\/site\\\/programma-operativo-nazionale-pon\\\/#breadcrumb\"},\"inLanguage\":\"it-IT\",\"potentialAction\":[{\"@type\":\"ReadAction\",\"target\":[\"https:\\\/\\\/www.scuolacampodipietra.edu.it\\\/site\\\/programma-operativo-nazionale-pon\\\/\"]}]},{\"@type\":\"BreadcrumbList\",\"@id\":\"https:\\\/\\\/www.scuolacampodipietra.edu.it\\\/site\\\/programma-operativo-nazionale-pon\\\/#breadcrumb\",\"itemListElement\":[{\"@type\":\"ListItem\",\"position\":1,\"name\":\"Home\",\"item\":\"https:\\\/\\\/www.scuolacampodipietra.edu.it\\\/site\\\/\"},{\"@type\":\"ListItem\",\"position\":2,\"name\":\"Programma Operativo Nazionale (PON)\"}]},{\"@type\":\"WebSite\",\"@id\":\"https:\\\/\\\/www.scuolacampodipietra.edu.it\\\/site\\\/#website\",\"url\":\"https:\\\/\\\/www.scuolacampodipietra.edu.it\\\/site\\\/\",\"name\":\"I.C. Campodipietra\",\"description\":\"Sito Istituzionale Campodipietra\",\"publisher\":{\"@id\":\"https:\\\/\\\/www.scuolacampodipietra.edu.it\\\/site\\\/#organization\"},\"potentialAction\":[{\"@type\":\"SearchAction\",\"target\":{\"@type\":\"EntryPoint\",\"urlTemplate\":\"https:\\\/\\\/www.scuolacampodipietra.edu.it\\\/site\\\/?s={search_term_string}\"},\"query-input\":{\"@type\":\"PropertyValueSpecification\",\"valueRequired\":true,\"valueName\":\"search_term_string\"}}],\"inLanguage\":\"it-IT\"},{\"@type\":\"Organization\",\"@id\":\"https:\\\/\\\/www.scuolacampodipietra.edu.it\\\/site\\\/#organization\",\"name\":\"I.C. Campodipietra\",\"url\":\"https:\\\/\\\/www.scuolacampodipietra.edu.it\\\/site\\\/\",\"logo\":{\"@type\":\"ImageObject\",\"inLanguage\":\"it-IT\",\"@id\":\"https:\\\/\\\/www.scuolacampodipietra.edu.it\\\/site\\\/#\\\/schema\\\/logo\\\/image\\\/\",\"url\":\"https:\\\/\\\/www.scuolacampodipietra.edu.it\\\/site\\\/wp-content\\\/uploads\\\/2023\\\/01\\\/logocampodipietra-1.webp\",\"contentUrl\":\"https:\\\/\\\/www.scuolacampodipietra.edu.it\\\/site\\\/wp-content\\\/uploads\\\/2023\\\/01\\\/logocampodipietra-1.webp\",\"width\":363,\"height\":319,\"caption\":\"I.C. Campodipietra\"},\"image\":{\"@id\":\"https:\\\/\\\/www.scuolacampodipietra.edu.it\\\/site\\\/#\\\/schema\\\/logo\\\/image\\\/\"}}]}<\/script>\n<!-- \/ Yoast SEO plugin. -->","yoast_head_json":{"title":"Programma Operativo Nazionale (PON) - I.C. Campodipietra","robots":{"index":"index","follow":"follow","max-snippet":"max-snippet:-1","max-image-preview":"max-image-preview:large","max-video-preview":"max-video-preview:-1"},"canonical":"https:\/\/www.scuolacampodipietra.edu.it\/site\/programma-operativo-nazionale-pon\/","og_locale":"it_IT","og_type":"article","og_title":"Programma Operativo Nazionale (PON) - I.C. Campodipietra","og_description":"Progetti PON Cablaggio strutturato e sicuro all&#8217;interno degli edifici scolastici Ambienti didattici innovativi per la scuola dell&#8217;infanzia Ambienti digitali per la didattica integrata con gli arredi scolastici EDUGREEN: Laboratori di sostenibilit\u00e0 per i primo ciclo FESR &#8211; Realizzazione di smart class per la scuola del primo ciclo Piano Istruzione Obiettivi Specifici FSEPON MO &#8220;CAMPODIPIETRA@UXILIO&#8221; PON [&hellip;]","og_url":"https:\/\/www.scuolacampodipietra.edu.it\/site\/programma-operativo-nazionale-pon\/","og_site_name":"I.C. Campodipietra","article_modified_time":"2024-02-07T08:33:27+00:00","twitter_card":"summary_large_image","twitter_misc":{"Tempo di lettura stimato":"2 minuti"},"schema":{"@context":"https:\/\/schema.org","@graph":[{"@type":"WebPage","@id":"https:\/\/www.scuolacampodipietra.edu.it\/site\/programma-operativo-nazionale-pon\/","url":"https:\/\/www.scuolacampodipietra.edu.it\/site\/programma-operativo-nazionale-pon\/","name":"Programma Operativo Nazionale (PON) - I.C. Campodipietra","isPartOf":{"@id":"https:\/\/www.scuolacampodipietra.edu.it\/site\/#website"},"datePublished":"2023-03-20T10:14:49+00:00","dateModified":"2024-02-07T08:33:27+00:00","breadcrumb":{"@id":"https:\/\/www.scuolacampodipietra.edu.it\/site\/programma-operativo-nazionale-pon\/#breadcrumb"},"inLanguage":"it-IT","potentialAction":[{"@type":"ReadAction","target":["https:\/\/www.scuolacampodipietra.edu.it\/site\/programma-operativo-nazionale-pon\/"]}]},{"@type":"BreadcrumbList","@id":"https:\/\/www.scuolacampodipietra.edu.it\/site\/programma-operativo-nazionale-pon\/#breadcrumb","itemListElement":[{"@type":"ListItem","position":1,"name":"Home","item":"https:\/\/www.scuolacampodipietra.edu.it\/site\/"},{"@type":"ListItem","position":2,"name":"Programma Operativo Nazionale (PON)"}]},{"@type":"WebSite","@id":"https:\/\/www.scuolacampodipietra.edu.it\/site\/#website","url":"https:\/\/www.scuolacampodipietra.edu.it\/site\/","name":"I.C. Campodipietra","description":"Sito Istituzionale Campodipietra","publisher":{"@id":"https:\/\/www.scuolacampodipietra.edu.it\/site\/#organization"},"potentialAction":[{"@type":"SearchAction","target":{"@type":"EntryPoint","urlTemplate":"https:\/\/www.scuolacampodipietra.edu.it\/site\/?s={search_term_string}"},"query-input":{"@type":"PropertyValueSpecification","valueRequired":true,"valueName":"search_term_string"}}],"inLanguage":"it-IT"},{"@type":"Organization","@id":"https:\/\/www.scuolacampodipietra.edu.it\/site\/#organization","name":"I.C. Campodipietra","url":"https:\/\/www.scuolacampodipietra.edu.it\/site\/","logo":{"@type":"ImageObject","inLanguage":"it-IT","@id":"https:\/\/www.scuolacampodipietra.edu.it\/site\/#\/schema\/logo\/image\/","url":"https:\/\/www.scuolacampodipietra.edu.it\/site\/wp-content\/uploads\/2023\/01\/logocampodipietra-1.webp","contentUrl":"https:\/\/www.scuolacampodipietra.edu.it\/site\/wp-content\/uploads\/2023\/01\/logocampodipietra-1.webp","width":363,"height":319,"caption":"I.C. Campodipietra"},"image":{"@id":"https:\/\/www.scuolacampodipietra.edu.it\/site\/#\/schema\/logo\/image\/"}}]}},"_links":{"self":[{"href":"https:\/\/www.scuolacampodipietra.edu.it\/site\/wp-json\/wp\/v2\/pages\/1184","targetHints":{"allow":["GET"]}}],"collection":[{"href":"https:\/\/www.scuolacampodipietra.edu.it\/site\/wp-json\/wp\/v2\/pages"}],"about":[{"href":"https:\/\/www.scuolacampodipietra.edu.it\/site\/wp-json\/wp\/v2\/types\/page"}],"author":[{"embeddable":true,"href":"https:\/\/www.scuolacampodipietra.edu.it\/site\/wp-json\/wp\/v2\/users\/1"}],"replies":[{"embeddable":true,"href":"https:\/\/www.scuolacampodipietra.edu.it\/site\/wp-json\/wp\/v2\/comments?post=1184"}],"version-history":[{"count":0,"href":"https:\/\/www.scuolacampodipietra.edu.it\/site\/wp-json\/wp\/v2\/pages\/1184\/revisions"}],"wp:attachment":[{"href":"https:\/\/www.scuolacampodipietra.edu.it\/site\/wp-json\/wp\/v2\/media?parent=1184"}],"curies":[{"name":"wp","href":"https:\/\/api.w.org\/{rel}","templated":true}]}}